{"id":270,"date":"2024-09-21T13:05:56","date_gmt":"2024-09-21T13:05:56","guid":{"rendered":"https:\/\/ankadanismanlikltd.com\/?page_id=270"},"modified":"2024-09-22T11:23:39","modified_gmt":"2024-09-22T11:23:39","slug":"yesil-lojistik-belgesi","status":"publish","type":"page","link":"http:\/\/ankadanismanlikltd.com\/en\/surdurulebilirlik\/yesil-lojistik-belgesi\/","title":{"rendered":"Green Logistics Certificate"},"content":{"rendered":"<p>Ye\u015fil Lojistik Belgesi, Avrupa Birli\u011fi Ye\u015fil Mutabakat\u0131 ve Paris \u0130klim Anla\u015fmas\u0131 ile s\u00fcrd\u00fcr\u00fclebilir ekonomiye ge\u00e7i\u015fin h\u0131zlanmas\u0131 ile g\u00fcndeme gelmi\u015ftir. \u00c7evre dostu ve s\u00fcrd\u00fcr\u00fclebilir y\u00fck ta\u015f\u0131mac\u0131l\u0131\u011fa ilginin artt\u0131r\u0131lmas\u0131 i\u00e7in getirilimi\u015f y\u00f6netmelik baz\u0131nda bir d\u00fczenlemedir. T.C Ula\u015ft\u0131rma ve Alt Yap\u0131 Bakanl\u0131\u011f\u0131 taraf\u0131ndan d\u00fczenlenen Kombine Ta\u015f\u0131mac\u0131l\u0131k Y\u00f6netmeli\u011fi 25.05.2022 tarihli ve 31848 say\u0131l\u0131 Resm\u00ee Gazete\u2019de yay\u0131mlanarak y\u00fcr\u00fcrl\u00fc\u011fe girmi\u015ftir. Bu y\u00f6netmelik i\u00e7eri\u011finde Ye\u015fil Lojistik Belgesi Nas\u0131l Al\u0131n\u0131r sorusunun cevaplar\u0131 yer almaktad\u0131r.<\/p>\n<p><strong>Ye\u015fil Lojistik Belgesi Nas\u0131l Al\u0131n\u0131r?<\/strong><\/p>\n<p>Ye\u015fil Lojistik belgesi alman\u0131n \u015fartlar\u0131, T.C Ula\u015ft\u0131rma ve Alt Yap\u0131 Bakanl\u0131\u011f\u0131 taraf\u0131ndan yay\u0131nlanan 25.05.2022 tarihli ve\u00a0\u00a0 31848\u00a0Resm\u00ee Gazete Say\u0131l\u0131 Kombine Ta\u015f\u0131mac\u0131l\u0131k Y\u00f6netmeli\u011fi ile belirlenmi\u015ftir. \u0130\u015fletmelerin ye\u015fil lojistik belgesi almalar\u0131 i\u00e7in, y\u00f6netmelik i\u00e7eri\u011finde belirtilen \u015fartlar\u0131 yerine getirmesi gerekir. Ye\u015fil lojistik belgesi almak isteyen firmalar Ula\u015ft\u0131rma ve Alt Yap\u0131 Bakanl\u0131\u011f\u0131 Kombine Y\u00fck Ta\u015f\u0131mac\u0131l\u0131\u011f\u0131 genel m\u00fcd\u00fcrl\u00fc\u011f\u00fcne ba\u015fvur yapmas\u0131 gerekmektedir.<\/p>\n<p><strong>Ye\u015fil Lojistik Belgesi Almak \u0130steyen Firmalar\u0131;<\/strong><\/p>\n<ol>\n<li>Y\u0131lda 150 adet kombine y\u00fck ta\u015f\u0131mac\u0131l\u0131k say\u0131s\u0131na giri\u015f yapmak,<\/li>\n<li>%5 Enerji ve Su Tasarrufu Sa\u011flam\u0131\u015f olmak,<\/li>\n<li>Is\u0131tma ve So\u011futma Sistemlerinde yenilenebilir enerji kullan\u0131yor olmak,<\/li>\n<li>Paketleme faaliyetlerinde geri d\u00f6n\u00fc\u015ft\u00fcr\u00fclebilir malzeme kullanmak,<\/li>\n<li>Tersine lojistik ve ye\u015fil tedarik faaliyetleri ger\u00e7ekle\u015ftirmek,<\/li>\n<li>Y\u0131ll\u0131k 500 adet fidan a\u011fa\u00e7land\u0131rma yapmak,<\/li>\n<li>Dijital S\u00fcre\u00e7 Y\u00f6netimini ba\u015flatmak,<\/li>\n<li>\u00c7al\u0131\u015fanlara Ye\u015fil Lojistik e\u011fitimleri d\u00fczenlemek,<\/li>\n<li>Enerji Y\u00f6netimi, \u00c7evre Y\u00f6netimi ve Karbon Ayak \u0130zi Y\u00f6netimi sistemlerine sahip olmak,<\/li>\n<li>Kay\u0131tl\u0131 elektronik posta (KEP) sahip olmak ve Ulusal Elektronik Tebligat Sistemine (UETS) kay\u0131tl\u0131 olmak.<\/li>\n<\/ol>\n<p><strong>Ye\u015fil Lojistik Nedir?<\/strong><\/p>\n<p>G\u00fcn\u00fcm\u00fczde \u00e7evre sorunu bir\u00e7ok \u015firketi ilgilendiren bir konudur. Bu noktada \u00e7evre \u00fczerinde en fazla etkiye sahip olan faaliyetlerden biri de lojistiktir. Lojistik; i\u015f mallar\u0131n\u0131n \u00fcretimi, tedarik zinciri, nakliyesi ve da\u011f\u0131t\u0131m\u0131 operasyonlar\u0131n\u0131 y\u00fcr\u00fctmek i\u00e7in bir\u00e7ok y\u00f6ntem ve prosed\u00fcrden olu\u015fmaktad\u0131r.\u00a0 Ye\u015fil lojisti\u011fin, do\u011fan\u0131n korunmas\u0131n\u0131 te\u015fvik eden yeni teklifler sunarak alakal\u0131 hale geldi\u011fi yer buras\u0131d\u0131r.<br \/>\nYe\u015fil lojistik, mevcut lojisti\u011fin ortak s\u00fcre\u00e7lerinden \u00e7evreye sayg\u0131l\u0131 bir lojistik modeline ge\u00e7i\u015ftir. Bu do\u011frultuda lojistik operasyonlar\u0131 y\u00fcr\u00fctmek i\u00e7in kaynaklar\u0131 makul ve verimli bir \u015fekilde kullanabilen bir sistem izlemektedir. Dolay\u0131s\u0131yla bu sekt\u00f6rde ekonomik ve ekolojik dengeyi bulabilmek temel ama\u00e7t\u0131r.<\/p>\n<p><strong>Ye\u015fil Lojistik Dan\u0131\u015fmanl\u0131k<\/strong><\/p>\n<p>Ye\u015fil lojistik \u00e7evresel s\u00fcrd\u00fcr\u00fclebilirli\u011fin sa\u011flanmas\u0131 i\u00e7in lojistik s\u00fcre\u00e7lerinin planlanmas\u0131, y\u00f6netilmesi ve uygulanmas\u0131n\u0131 ifade etmektedir. Bu do\u011frultuda lojistik faaliyetlerin \u00e7evresel etkilerinin azalt\u0131lmas\u0131 hedeflenmektedir. Ayr\u0131ca i\u015fletmelerin verimlili\u011fi ve maliyet tasarruflar\u0131n\u0131n sa\u011flanmas\u0131 da ama\u00e7lanmaktad\u0131r. Bu kapsamda ye\u015fil lojisti\u011fin baz\u0131 ana ilkeleri bulunmaktad\u0131r. Bunlar genel olarak a\u015fa\u011f\u0131daki gibidir:<\/p>\n<ul>\n<li><strong>Ta\u015f\u0131ma Verimlili\u011fi:<\/strong>\u00a0Daha az enerji t\u00fcketen ve \u00e7evreye daha az zarar veren ta\u015f\u0131ma y\u00f6ntemlerinin se\u00e7ilmesi, \u00f6zellikle d\u00fc\u015f\u00fck emisyonlu ara\u00e7lar ve toplu ta\u015f\u0131ma sistemlerinin kullan\u0131m\u0131 gibi.<\/li>\n<li><strong>Ambalaj ve Depolama:<\/strong>\u00a0\u00c7evre dostu ambalaj malzemelerinin kullan\u0131lmas\u0131, malzemelerin ta\u015f\u0131ma s\u0131ras\u0131nda korunmas\u0131na yard\u0131mc\u0131 olurken at\u0131k azalt\u0131lmas\u0131na katk\u0131 sa\u011flar.<\/li>\n<li><strong>D\u00f6n\u00fc\u015f\u00fcm ve Geri D\u00f6n\u00fc\u015f\u00fcm:<\/strong>\u00a0Lojistik s\u00fcre\u00e7lerinde geri d\u00f6n\u00fc\u015f\u00fcm\u00fc te\u015fvik etmek, at\u0131klar\u0131 en aza indirgemek ve kaynaklar\u0131n daha verimli kullan\u0131lmas\u0131na yard\u0131mc\u0131 olur.<\/li>\n<li><strong>Ta\u015f\u0131ma Optimizasyonu:<\/strong>\u00a0Lojistik operasyonlar\u0131n\u0131n en iyi \u015fekilde planlanmas\u0131 ve y\u00f6netilmesi, yak\u0131t t\u00fcketimini ve emisyonlar\u0131 azaltabilir.<\/li>\n<li><strong>Ye\u015fil Tedarik Zinciri Y\u00f6netimi:\u00a0<\/strong>Tedarik zinciri boyunca \u00e7evresel ve s\u00fcrd\u00fcr\u00fclebilirlik kriterlerinin uygulanmas\u0131, \u00e7evre dostu \u00fcr\u00fcnlerin \u00fcretilmesini ve ta\u015f\u0131nmas\u0131n\u0131 destekler.<\/li>\n<li><strong>Veri ve Teknoloji Kullan\u0131m\u0131:<\/strong>\u00a0Lojistik s\u00fcre\u00e7lerinin daha iyi y\u00f6netilmesi ve izlenmesi i\u00e7in teknolojik \u00e7\u00f6z\u00fcmler kullan\u0131lmas\u0131, verimlili\u011fi art\u0131rabilir.<\/li>\n<\/ul>\n<p><strong>Ye\u015fil Lojistik Avantajlar\u0131 Nelerdir?<\/strong><\/p>\n<p>Ye\u015fil lojistik i\u015fletme ve \u00e7evre i\u00e7in son derece avantajl\u0131 f\u0131rsatlar sunmaktad\u0131r. Bunlardan a\u015fa\u011f\u0131daki gibi bahsedebiliriz:<\/p>\n<ul>\n<li><strong>\u00c7evre Dostu:<\/strong>\u00a0Ye\u015fil lojistik, karbon ayak izini azaltmaya ve \u00e7evresel etkileri minimize etmeye odaklan\u0131r. Daha d\u00fc\u015f\u00fck emisyonlu ta\u015f\u0131ma y\u00f6ntemleri kullan\u0131lmas\u0131 ve enerji verimlili\u011finin art\u0131r\u0131lmas\u0131, \u00e7evreye zararl\u0131 etkileri azalt\u0131r.<\/li>\n<li><strong>Mali Tasarruf:<\/strong>\u00a0Daha verimli lojistik s\u00fcre\u00e7leri ve ta\u015f\u0131ma y\u00f6ntemleri, i\u015fletmelerin yak\u0131t ve enerji maliyetlerini azaltabilir. Daha az at\u0131k \u00fcretimi ve daha iyi envanter y\u00f6netimi de mali tasarruflara katk\u0131 sa\u011flayabilir.<\/li>\n<li><strong>M\u00fc\u015fteri Memnuniyeti:\u00a0<\/strong>Ye\u015fil lojistik, \u00e7evre dostu uygulamalar\u0131 benimseyen i\u015fletmeler i\u00e7in m\u00fc\u015fteriler aras\u0131nda olumlu bir alg\u0131 yaratabilir. M\u00fc\u015fteriler, s\u00fcrd\u00fcr\u00fclebilir ve \u00e7evre dostu \u00fcr\u00fcnleri veya hizmetleri tercih edebilirler.<\/li>\n<li><strong>Rekabet \u00dcst\u00fcnl\u00fc\u011f\u00fc:\u00a0<\/strong>S\u00fcrd\u00fcr\u00fclebilirlik, i\u015fletmelerin rekabet avantaj\u0131 elde etmelerine yard\u0131mc\u0131 olabilir. Ye\u015fil lojistik uygulamalar\u0131, i\u015fletmelere piyasadaki di\u011fer rakiplerinden ayr\u0131lma f\u0131rsat\u0131 sunar.<\/li>\n<li><strong>Sosyal Sorumluluk:<\/strong>\u00a0Ye\u015fil lojistik, i\u015fletmelerin \u00e7evreye ve topluma kar\u015f\u0131 sorumluluklar\u0131n\u0131 yerine getirmelerine yard\u0131mc\u0131 olur. Bu, i\u015fletmelerin toplumsal sorumluluklar\u0131n\u0131 yerine getirme ve itibarlar\u0131n\u0131 geli\u015ftirme konusunda katk\u0131 sa\u011flar.<\/li>\n<li><strong>Azalan At\u0131k:<\/strong>\u00a0Ye\u015fil lojistik uygulamalar\u0131, ambalaj\u0131n ve malzeme kullan\u0131m\u0131n\u0131n daha verimli hale getirilmesini i\u00e7erir. Bu, at\u0131k miktar\u0131n\u0131 azalt\u0131r ve at\u0131k y\u00f6netimi maliyetlerini d\u00fc\u015f\u00fcr\u00fcr.<\/li>\n<li><strong>Daha \u0130yi Verimlilik:<\/strong>\u00a0Verimli envanter y\u00f6netimi, daha iyi lojistik s\u00fcre\u00e7leri ve daha az i\u015f g\u00fcc\u00fc kayb\u0131, i\u015fletmelerin verimlili\u011fini art\u0131r\u0131r.<\/li>\n<li><strong>Gelecek Dostu:<\/strong>\u00a0Ye\u015fil lojistik, gelecek nesillerin do\u011fal kaynaklara eri\u015fimini ve ya\u015fam kalitesini koruma konusunda katk\u0131 sa\u011flar.<\/li>\n<li><strong>Reg\u00fclasyon Uyum:<\/strong>\u00a0Bir\u00e7ok \u00fclke ve b\u00f6lge, \u00e7evresel d\u00fczenlemelere uymak ve s\u00fcrd\u00fcr\u00fclebilirlik standartlar\u0131na eri\u015fmek konusunda i\u015fletmelere bask\u0131 yapmaktad\u0131r. Ye\u015fil lojistik uygulamalar\u0131, bu d\u00fczenlemelere uyumu kolayla\u015ft\u0131r\u0131r.<\/li>\n<\/ul>\n<p>Yukar\u0131da bahsedilen avantajlar i\u015fletmelerin \u00e7e\u015fitli \u00e7evresel sorumluluklar\u0131n\u0131 yerine getirebilmeleri, maliyetlerini d\u00fc\u015f\u00fcrebilmeleri ve rekabet \u00fcst\u00fcnl\u00fc\u011f\u00fc elde edebilmeleri i\u00e7in son derece \u00f6nemlidir. Bu do\u011frultuda i\u015fletmelerin ye\u015fil lojistik uygulamalar\u0131n\u0131 benimsemeleri gerekmektedir. Bu sayede yukar\u0131da bahsedilen avantajlardan faydalanmalar\u0131 m\u00fcmk\u00fcnd\u00fcr.<\/p>\n<p><strong>Ye\u015fil Lojistik \u00d6zellikleri<\/strong><\/p>\n<p>Bu lojisti\u011fin sahip oldu\u011fu \u00f6zelliklerden a\u015fa\u011f\u0131daki gibi bahsedebiliriz.<\/p>\n<ul>\n<li><strong>Ye\u015fil ula\u015f\u0131m:<\/strong>\u00a0Atmosfere daha az kirletici gaz salan ula\u015f\u0131m birimleridir. Ayr\u0131ca, mesafeleri azaltan, da\u011f\u0131t\u0131m yollar\u0131ndan daha iyi yararlanan eylemlerdir.<\/li>\n<li><strong>Ye\u015fil depolama:<\/strong>\u00a0\u00dcr\u00fcnlerin verimli bir \u015fekilde girilmesini, depolanmas\u0131n\u0131 ve \u00e7\u0131kar\u0131lmas\u0131n\u0131 sa\u011flayan, bu prosed\u00fcr s\u0131ras\u0131nda olu\u015fan kirletici etkileri azaltan tesisleri ifade eder.<\/li>\n<li><strong>Verimli y\u00fckleme ve bo\u015faltma kontrol\u00fc:<\/strong>\u00a0Hata pay\u0131n\u0131 azaltmak ve kazalar\u0131 \u00f6nlemek i\u00e7in makinelerin iyi durumda kullan\u0131ld\u0131\u011f\u0131n\u0131 g\u00f6stermektedir.<\/li>\n<li><strong>Verimli da\u011f\u0131t\u0131m:<\/strong>\u00a0A\u015f\u0131r\u0131 yak\u0131t t\u00fcketimini \u00f6nlemek ve CO2&#8217;yi azaltmak i\u00e7in da\u011f\u0131t\u0131m kanallar\u0131n\u0131n verimli kullan\u0131lmas\u0131ndan olu\u015fur. Ye\u015fil ula\u015f\u0131mla yak\u0131ndan ilgilidir.<\/li>\n<li><strong>Ye\u015fil ambalaj:<\/strong>\u00a0M\u00fcmk\u00fcn oldu\u011funca az ambalaj malzemesi kullan\u0131lmas\u0131d\u0131r. Ayn\u0131 zamanda biyolojik olarak par\u00e7alanabilen malzemelerin kullan\u0131m\u0131n\u0131 da i\u00e7erir.<\/li>\n<li><strong>Geri d\u00f6n\u00fc\u015f\u00fcm:<\/strong>\u00a0Lojistik s\u00fcre\u00e7lerde ortaya \u00e7\u0131kan at\u0131klar\u0131n tekrar kullan\u0131lmas\u0131d\u0131r. Bu do\u011frultuda ama\u00e7, hava ve su kirlili\u011fini azaltmak ve \u00f6nlemek i\u00e7in at\u0131ktan yeni malzeme \u00fcretmektir.<\/li>\n<\/ul>\n<p><strong>Ye\u015fil Lojistik Nas\u0131l Uygulan\u0131r?<\/strong><\/p>\n<p>Ye\u015fil lojistik, firmalar\u0131n \u00e7evre dostu uygulamalar\u0131 ve s\u00fcrd\u00fcr\u00fclebilirlik prensiplerini lojistik s\u00fcre\u00e7lerine entegre edebilmeleri son derece \u00f6nemlidir. Bu kapsamda a\u015fa\u011f\u0131da ye\u015fil lojistik uygulamalar\u0131n\u0131n nas\u0131l yap\u0131laca\u011f\u0131 detayl\u0131 bir \u015fekilde incelenmi\u015ftir.<\/p>\n<p><strong>\u00c7evresel Etki De\u011ferlendirmesi:<\/strong>\u00a0\u0130lk ad\u0131m, lojistik s\u00fcre\u00e7lerin \u00e7evresel etkilerini de\u011ferlendirmektir. Bu, emisyonlar, enerji t\u00fcketimi, at\u0131k miktar\u0131 ve kaynak kullan\u0131m\u0131 gibi fakt\u00f6rleri incelemeyi i\u00e7erir.<br \/>\n<strong>Ta\u015f\u0131ma ve Lojistik Y\u00f6ntemlerini \u0130yile\u015ftirme:<\/strong>\u00a0Daha az \u00e7evresel etkiye sahip ta\u015f\u0131ma y\u00f6ntemlerini se\u00e7mek \u00f6nemlidir.<br \/>\n<strong>Enerji Verimlili\u011fi:<\/strong>\u00a0Lojistik tesislerinin enerji verimlili\u011fini art\u0131rmak i\u00e7in \u00f6nlemler al\u0131nmal\u0131d\u0131r. Ayd\u0131nlatma, \u0131s\u0131tma\/so\u011futma sistemleri ve ta\u015f\u0131ma ekipmanlar\u0131n\u0131n daha enerji verimli olmas\u0131n\u0131 sa\u011flamak, enerji t\u00fcketimini azaltabilir.<br \/>\n<strong>Ambalaj ve Paketleme:<\/strong>\u00a0\u00c7evre dostu ambalaj malzemelerinin tercih edilmesi ve gereksiz ambalajlardan ka\u00e7\u0131n\u0131lmas\u0131 \u00e7ok \u00f6nemlidir.<br \/>\n<strong>Stok ve Depolama Y\u00f6netimi:<\/strong>\u00a0Stok d\u00fczeylerinin optimize edilmesi, gereksiz depolama ve fazla envanterin azalt\u0131lmas\u0131 \u00e7evresel etkileri azaltacakt\u0131r.<\/p>\n<p>Ye\u015fil Lojistik Belgesi ve dan\u0131\u015fmanl\u0131k hizmetleri i\u00e7in ileti\u015fim b\u00f6l\u00fcm\u00fcnden bize ula\u015fabilirsiniz.<\/p>","protected":false},"excerpt":{"rendered":"<p>Ye\u015fil Lojistik Belgesi, Avrupa Birli\u011fi Ye\u015fil Mutabakat\u0131 ve Paris \u0130klim Anla\u015fmas\u0131 ile s\u00fcrd\u00fcr\u00fclebilir ekonomiye ge\u00e7i\u015fin h\u0131zlanmas\u0131 ile g\u00fcndeme gelmi\u015ftir. \u00c7evre dostu ve s\u00fcrd\u00fcr\u00fclebilir y\u00fck ta\u015f\u0131mac\u0131l\u0131\u011fa ilginin artt\u0131r\u0131lmas\u0131 i\u00e7in getirilimi\u015f y\u00f6netmelik baz\u0131nda bir d\u00fczenlemedir. T.C Ula\u015ft\u0131rma ve Alt Yap\u0131 Bakanl\u0131\u011f\u0131 taraf\u0131ndan d\u00fczenlenen Kombine Ta\u015f\u0131mac\u0131l\u0131k Y\u00f6netmeli\u011fi 25.05.2022 tarihli ve 31848 say\u0131l\u0131 Resm\u00ee Gazete\u2019de yay\u0131mlanarak y\u00fcr\u00fcrl\u00fc\u011fe girmi\u015ftir. Bu y\u00f6netmelik i\u00e7eri\u011finde Ye\u015fil Lojistik Belgesi Nas\u0131l Al\u0131n\u0131r sorusunun cevaplar\u0131 yer almaktad\u0131r. Ye\u015fil Lojistik Belgesi Nas\u0131l[&hellip;]<\/p>","protected":false},"author":1,"featured_media":0,"parent":222,"menu_order":0,"comment_status":"closed","ping_status":"closed","template":"","meta":{"_acf_changed":false,"footnotes":""},"class_list":["post-270","page","type-page","status-publish","hentry"],"acf":[],"yoast_head":"<!-- This site is optimized with the Yoast SEO plugin v25.9 - https:\/\/yoast.com\/wordpress\/plugins\/seo\/ -->\n<title>Ye\u015fil Lojistik Belgesi - Anka Dan\u0131\u015fmanl\u0131k<\/title>\n<meta name=\"robots\" content=\"index, follow, max-snippet:-1, max-image-preview:large, max-video-preview:-1\" \/>\n<link rel=\"canonical\" href=\"http:\/\/ankadanismanlikltd.com\/en\/surdurulebilirlik\/yesil-lojistik-belgesi\/\" \/>\n<meta property=\"og:locale\" content=\"en_US\" \/>\n<meta property=\"og:type\" content=\"article\" \/>\n<meta property=\"og:title\" content=\"Ye\u015fil Lojistik Belgesi - Anka Dan\u0131\u015fmanl\u0131k\" \/>\n<meta property=\"og:description\" content=\"Ye\u015fil Lojistik Belgesi, Avrupa Birli\u011fi Ye\u015fil Mutabakat\u0131 ve Paris \u0130klim Anla\u015fmas\u0131 ile s\u00fcrd\u00fcr\u00fclebilir ekonomiye ge\u00e7i\u015fin h\u0131zlanmas\u0131 ile g\u00fcndeme gelmi\u015ftir. \u00c7evre dostu ve s\u00fcrd\u00fcr\u00fclebilir y\u00fck ta\u015f\u0131mac\u0131l\u0131\u011fa ilginin artt\u0131r\u0131lmas\u0131 i\u00e7in getirilimi\u015f y\u00f6netmelik baz\u0131nda bir d\u00fczenlemedir. T.C Ula\u015ft\u0131rma ve Alt Yap\u0131 Bakanl\u0131\u011f\u0131 taraf\u0131ndan d\u00fczenlenen Kombine Ta\u015f\u0131mac\u0131l\u0131k Y\u00f6netmeli\u011fi 25.05.2022 tarihli ve 31848 say\u0131l\u0131 Resm\u00ee Gazete\u2019de yay\u0131mlanarak y\u00fcr\u00fcrl\u00fc\u011fe girmi\u015ftir. Bu y\u00f6netmelik i\u00e7eri\u011finde Ye\u015fil Lojistik Belgesi Nas\u0131l Al\u0131n\u0131r sorusunun cevaplar\u0131 yer almaktad\u0131r. Ye\u015fil Lojistik Belgesi Nas\u0131l[&hellip;]\" \/>\n<meta property=\"og:url\" content=\"http:\/\/ankadanismanlikltd.com\/en\/surdurulebilirlik\/yesil-lojistik-belgesi\/\" \/>\n<meta property=\"og:site_name\" content=\"Anka Dan\u0131\u015fmanl\u0131k\" \/>\n<meta property=\"article:publisher\" content=\"https:\/\/www.facebook.com\/ankadanismanlik\" \/>\n<meta property=\"article:modified_time\" content=\"2024-09-22T11:23:39+00:00\" \/>\n<meta name=\"twitter:card\" content=\"summary_large_image\" \/>\n<meta name=\"twitter:site\" content=\"@ankaconsultancy\" \/>\n<meta name=\"twitter:label1\" content=\"Est. reading time\" \/>\n\t<meta name=\"twitter:data1\" content=\"7 minutes\" \/>\n<script type=\"application\/ld+json\" class=\"yoast-schema-graph\">{\"@context\":\"https:\/\/schema.org\",\"@graph\":[{\"@type\":\"WebPage\",\"@id\":\"http:\/\/ankadanismanlikltd.com\/en\/surdurulebilirlik\/yesil-lojistik-belgesi\/\",\"url\":\"http:\/\/ankadanismanlikltd.com\/en\/surdurulebilirlik\/yesil-lojistik-belgesi\/\",\"name\":\"Ye\u015fil Lojistik Belgesi - Anka Dan\u0131\u015fmanl\u0131k\",\"isPartOf\":{\"@id\":\"https:\/\/ankadanismanlikltd.com\/#website\"},\"datePublished\":\"2024-09-21T13:05:56+00:00\",\"dateModified\":\"2024-09-22T11:23:39+00:00\",\"breadcrumb\":{\"@id\":\"http:\/\/ankadanismanlikltd.com\/en\/surdurulebilirlik\/yesil-lojistik-belgesi\/#breadcrumb\"},\"inLanguage\":\"en-US\",\"potentialAction\":[{\"@type\":\"ReadAction\",\"target\":[\"http:\/\/ankadanismanlikltd.com\/en\/surdurulebilirlik\/yesil-lojistik-belgesi\/\"]}]},{\"@type\":\"BreadcrumbList\",\"@id\":\"http:\/\/ankadanismanlikltd.com\/en\/surdurulebilirlik\/yesil-lojistik-belgesi\/#breadcrumb\",\"itemListElement\":[{\"@type\":\"ListItem\",\"position\":1,\"name\":\"Anasayfa\",\"item\":\"https:\/\/ankadanismanlikltd.com\/\"},{\"@type\":\"ListItem\",\"position\":2,\"name\":\"Kurumsal S\u00fcrd\u00fcr\u00fclebilirlik\",\"item\":\"http:\/\/ankadanismanlikltd.com\/en\/surdurulebilirlik\/\"},{\"@type\":\"ListItem\",\"position\":3,\"name\":\"Ye\u015fil Lojistik Belgesi\"}]},{\"@type\":\"WebSite\",\"@id\":\"https:\/\/ankadanismanlikltd.com\/#website\",\"url\":\"https:\/\/ankadanismanlikltd.com\/\",\"name\":\"Anka Dan\u0131\u015fmanl\u0131k\",\"description\":\"\",\"publisher\":{\"@id\":\"https:\/\/ankadanismanlikltd.com\/#organization\"},\"potentialAction\":[{\"@type\":\"SearchAction\",\"target\":{\"@type\":\"EntryPoint\",\"urlTemplate\":\"https:\/\/ankadanismanlikltd.com\/?s={search_term_string}\"},\"query-input\":{\"@type\":\"PropertyValueSpecification\",\"valueRequired\":true,\"valueName\":\"search_term_string\"}}],\"inLanguage\":\"en-US\"},{\"@type\":\"Organization\",\"@id\":\"https:\/\/ankadanismanlikltd.com\/#organization\",\"name\":\"ANKA Dan\u0131\u015fmanl\u0131k\",\"url\":\"https:\/\/ankadanismanlikltd.com\/\",\"logo\":{\"@type\":\"ImageObject\",\"inLanguage\":\"en-US\",\"@id\":\"https:\/\/ankadanismanlikltd.com\/#\/schema\/logo\/image\/\",\"url\":\"https:\/\/ankadanismanlikltd.com\/wp-content\/uploads\/2025\/03\/yeni-logo.jpg\",\"contentUrl\":\"https:\/\/ankadanismanlikltd.com\/wp-content\/uploads\/2025\/03\/yeni-logo.jpg\",\"width\":623,\"height\":630,\"caption\":\"ANKA Dan\u0131\u015fmanl\u0131k\"},\"image\":{\"@id\":\"https:\/\/ankadanismanlikltd.com\/#\/schema\/logo\/image\/\"},\"sameAs\":[\"https:\/\/www.facebook.com\/ankadanismanlik\",\"https:\/\/x.com\/ankaconsultancy\",\"https:\/\/www.linkedin.com\/company\/ankadanismanlik\",\"https:\/\/www.youtube.com\/@ANKADanmanlk.official\",\"https:\/\/www.instagram.com\/ankadanismanlik.tr?igsh=MXZ6OXMyd3k2MW5zbA&utm_source=qr\"]}]}<\/script>\n<!-- \/ Yoast SEO plugin. -->","yoast_head_json":{"title":"Ye\u015fil Lojistik Belgesi - Anka Dan\u0131\u015fmanl\u0131k","robots":{"index":"index","follow":"follow","max-snippet":"max-snippet:-1","max-image-preview":"max-image-preview:large","max-video-preview":"max-video-preview:-1"},"canonical":"http:\/\/ankadanismanlikltd.com\/en\/surdurulebilirlik\/yesil-lojistik-belgesi\/","og_locale":"en_US","og_type":"article","og_title":"Ye\u015fil Lojistik Belgesi - Anka Dan\u0131\u015fmanl\u0131k","og_description":"Ye\u015fil Lojistik Belgesi, Avrupa Birli\u011fi Ye\u015fil Mutabakat\u0131 ve Paris \u0130klim Anla\u015fmas\u0131 ile s\u00fcrd\u00fcr\u00fclebilir ekonomiye ge\u00e7i\u015fin h\u0131zlanmas\u0131 ile g\u00fcndeme gelmi\u015ftir. \u00c7evre dostu ve s\u00fcrd\u00fcr\u00fclebilir y\u00fck ta\u015f\u0131mac\u0131l\u0131\u011fa ilginin artt\u0131r\u0131lmas\u0131 i\u00e7in getirilimi\u015f y\u00f6netmelik baz\u0131nda bir d\u00fczenlemedir. T.C Ula\u015ft\u0131rma ve Alt Yap\u0131 Bakanl\u0131\u011f\u0131 taraf\u0131ndan d\u00fczenlenen Kombine Ta\u015f\u0131mac\u0131l\u0131k Y\u00f6netmeli\u011fi 25.05.2022 tarihli ve 31848 say\u0131l\u0131 Resm\u00ee Gazete\u2019de yay\u0131mlanarak y\u00fcr\u00fcrl\u00fc\u011fe girmi\u015ftir. Bu y\u00f6netmelik i\u00e7eri\u011finde Ye\u015fil Lojistik Belgesi Nas\u0131l Al\u0131n\u0131r sorusunun cevaplar\u0131 yer almaktad\u0131r. Ye\u015fil Lojistik Belgesi Nas\u0131l[&hellip;]","og_url":"http:\/\/ankadanismanlikltd.com\/en\/surdurulebilirlik\/yesil-lojistik-belgesi\/","og_site_name":"Anka Dan\u0131\u015fmanl\u0131k","article_publisher":"https:\/\/www.facebook.com\/ankadanismanlik","article_modified_time":"2024-09-22T11:23:39+00:00","twitter_card":"summary_large_image","twitter_site":"@ankaconsultancy","twitter_misc":{"Est. reading time":"7 minutes"},"schema":{"@context":"https:\/\/schema.org","@graph":[{"@type":"WebPage","@id":"http:\/\/ankadanismanlikltd.com\/en\/surdurulebilirlik\/yesil-lojistik-belgesi\/","url":"http:\/\/ankadanismanlikltd.com\/en\/surdurulebilirlik\/yesil-lojistik-belgesi\/","name":"Ye\u015fil Lojistik Belgesi - Anka Dan\u0131\u015fmanl\u0131k","isPartOf":{"@id":"https:\/\/ankadanismanlikltd.com\/#website"},"datePublished":"2024-09-21T13:05:56+00:00","dateModified":"2024-09-22T11:23:39+00:00","breadcrumb":{"@id":"http:\/\/ankadanismanlikltd.com\/en\/surdurulebilirlik\/yesil-lojistik-belgesi\/#breadcrumb"},"inLanguage":"en-US","potentialAction":[{"@type":"ReadAction","target":["http:\/\/ankadanismanlikltd.com\/en\/surdurulebilirlik\/yesil-lojistik-belgesi\/"]}]},{"@type":"BreadcrumbList","@id":"http:\/\/ankadanismanlikltd.com\/en\/surdurulebilirlik\/yesil-lojistik-belgesi\/#breadcrumb","itemListElement":[{"@type":"ListItem","position":1,"name":"Anasayfa","item":"https:\/\/ankadanismanlikltd.com\/"},{"@type":"ListItem","position":2,"name":"Kurumsal S\u00fcrd\u00fcr\u00fclebilirlik","item":"http:\/\/ankadanismanlikltd.com\/en\/surdurulebilirlik\/"},{"@type":"ListItem","position":3,"name":"Ye\u015fil Lojistik Belgesi"}]},{"@type":"WebSite","@id":"https:\/\/ankadanismanlikltd.com\/#website","url":"https:\/\/ankadanismanlikltd.com\/","name":"Anka Dan\u0131\u015fmanl\u0131k","description":"","publisher":{"@id":"https:\/\/ankadanismanlikltd.com\/#organization"},"potentialAction":[{"@type":"SearchAction","target":{"@type":"EntryPoint","urlTemplate":"https:\/\/ankadanismanlikltd.com\/?s={search_term_string}"},"query-input":{"@type":"PropertyValueSpecification","valueRequired":true,"valueName":"search_term_string"}}],"inLanguage":"en-US"},{"@type":"Organization","@id":"https:\/\/ankadanismanlikltd.com\/#organization","name":"ANKA Dan\u0131\u015fmanl\u0131k","url":"https:\/\/ankadanismanlikltd.com\/","logo":{"@type":"ImageObject","inLanguage":"en-US","@id":"https:\/\/ankadanismanlikltd.com\/#\/schema\/logo\/image\/","url":"https:\/\/ankadanismanlikltd.com\/wp-content\/uploads\/2025\/03\/yeni-logo.jpg","contentUrl":"https:\/\/ankadanismanlikltd.com\/wp-content\/uploads\/2025\/03\/yeni-logo.jpg","width":623,"height":630,"caption":"ANKA Dan\u0131\u015fmanl\u0131k"},"image":{"@id":"https:\/\/ankadanismanlikltd.com\/#\/schema\/logo\/image\/"},"sameAs":["https:\/\/www.facebook.com\/ankadanismanlik","https:\/\/x.com\/ankaconsultancy","https:\/\/www.linkedin.com\/company\/ankadanismanlik","https:\/\/www.youtube.com\/@ANKADanmanlk.official","https:\/\/www.instagram.com\/ankadanismanlik.tr?igsh=MXZ6OXMyd3k2MW5zbA&utm_source=qr"]}]}},"_links":{"self":[{"href":"http:\/\/ankadanismanlikltd.com\/en\/wp-json\/wp\/v2\/pages\/270","targetHints":{"allow":["GET"]}}],"collection":[{"href":"http:\/\/ankadanismanlikltd.com\/en\/wp-json\/wp\/v2\/pages"}],"about":[{"href":"http:\/\/ankadanismanlikltd.com\/en\/wp-json\/wp\/v2\/types\/page"}],"author":[{"embeddable":true,"href":"http:\/\/ankadanismanlikltd.com\/en\/wp-json\/wp\/v2\/users\/1"}],"replies":[{"embeddable":true,"href":"http:\/\/ankadanismanlikltd.com\/en\/wp-json\/wp\/v2\/comments?post=270"}],"version-history":[{"count":2,"href":"http:\/\/ankadanismanlikltd.com\/en\/wp-json\/wp\/v2\/pages\/270\/revisions"}],"predecessor-version":[{"id":389,"href":"http:\/\/ankadanismanlikltd.com\/en\/wp-json\/wp\/v2\/pages\/270\/revisions\/389"}],"up":[{"embeddable":true,"href":"http:\/\/ankadanismanlikltd.com\/en\/wp-json\/wp\/v2\/pages\/222"}],"wp:attachment":[{"href":"http:\/\/ankadanismanlikltd.com\/en\/wp-json\/wp\/v2\/media?parent=270"}],"curies":[{"name":"wp","href":"https:\/\/api.w.org\/{rel}","templated":true}]}}